{"id":5,"date":"2015-10-14T01:48:54","date_gmt":"2015-10-13T23:48:54","guid":{"rendered":"http:\/\/www.eko-kuca.com\/sk\/?page_id=5"},"modified":"2025-11-07T12:55:50","modified_gmt":"2025-11-07T11:55:50","slug":"pocetna","status":"publish","type":"page","link":"https:\/\/www.eko-kuca.com\/sk\/","title":{"rendered":"\u00davod"},"content":{"rendered":"<section class=\"ftco-section testimony-section firstblock\">\n<div class=\"row justify-content-center pb-3\">\n<div class=\"col-md-7 text-center heading-section ftco-animate\">\n<h2 class=\"mb-4\">Montovan\u00e9 domy EKO KU\u0106A, Ivanjica<\/h2>\n<\/div>\n<\/div>\n<div class=\"row ftco-animate justify-content-center\">\n<div class=\"col-md-12\">\n<div class=\"carousel-testimony owl-carousel ftco-owl\">\n<div class=\"item\">\n<div class=\"testimony-wrap text-center py-4 pb-5\">\n<div class=\"user-img\" style=\"background-image: url('http:\/\/www.eko-kuca.com\/wp-content\/themes\/eko\/images\/prirodni.jpg');\"><\/div>\n<div class=\"text px-4 pb-5\">\n<p class=\"mb-4\">Pr\u00edrodn\u00e9 materi\u00e1ly<\/p>\n<\/div>\n<\/div>\n<\/div>\n<div class=\"item\">\n<div class=\"testimony-wrap text-center py-4 pb-5\">\n<div class=\"user-img\" style=\"background-image: url('http:\/\/www.eko-kuca.com\/wp-content\/themes\/eko\/images\/eko-kuca_2.jpg');\"><\/div>\n<div class=\"text px-4 pb-5\">\n<p class=\"mb-4\">Vynikaj\u00faca tepeln\u00e1 izol\u00e1cia \u2013 \u00faspora energi\u00ed<\/p>\n<\/div>\n<\/div>\n<\/div>\n<div class=\"item\">\n<div class=\"testimony-wrap text-center py-4 pb-5\">\n<div class=\"user-img\" style=\"background-image: url('http:\/\/www.eko-kuca.com\/wp-content\/themes\/eko\/images\/jeftina-gradnja.jpg');\"><\/div>\n<div class=\"text px-4 pb-5\">\n<p class=\"mb-4\">Lacn\u00e1 v\u00fdstavba \u2013 n\u00edzka cena<\/p>\n<\/div>\n<\/div>\n<\/div>\n<div class=\"item\">\n<div class=\"testimony-wrap text-center py-4 pb-5\">\n<div class=\"user-img\" style=\"background-image: url('http:\/\/www.eko-kuca.com\/wp-content\/themes\/eko\/images\/bolje-iskoriscenje.jpg');\"><\/div>\n<div class=\"text px-4 pb-5\">\n<p class=\"mb-4\">Lep\u0161ie vyu\u017eitie stavebn\u00e9ho priestoru<\/p>\n<\/div>\n<\/div>\n<\/div>\n<div class=\"item\">\n<div class=\"testimony-wrap text-center py-4 pb-5\">\n<div class=\"user-img\" style=\"background-image: url('http:\/\/www.eko-kuca.com\/wp-content\/themes\/eko\/images\/prilagodljivost-dizajna.jpg');\"><\/div>\n<div class=\"text px-4 pb-5\">\n<p class=\"mb-4\">Prisp\u00f4sobivos\u0165 dizajnu urbanistick\u00fdm po\u017eiadavk\u00e1m<\/p>\n<\/div>\n<\/div>\n<\/div>\n<div class=\"item\">\n<div class=\"testimony-wrap text-center py-4 pb-5\">\n<div class=\"user-img\" style=\"background-image: url('http:\/\/www.eko-kuca.com\/wp-content\/themes\/eko\/images\/sigurnost.jpg');\"><\/div>\n<div class=\"text px-4 pb-5\">\n<p class=\"mb-4\">Bezpecnos\u0165 proti zemetraseniu<\/p>\n<\/div>\n<\/div>\n<\/div>\n<div class=\"item\">\n<div class=\"testimony-wrap text-center py-4 pb-5\">\n<div class=\"user-img\" style=\"background-image: url('http:\/\/www.eko-kuca.com\/wp-content\/themes\/eko\/images\/eko-kuca_3.jpg');\"><\/div>\n<div class=\"text px-4 pb-5\">\n<p class=\"mb-4\">Mo\u017enos\u0165 p\u00f4\u017eicky<\/p>\n<\/div>\n<\/div>\n<\/div>\n<\/div>\n<\/div>\n<\/div>\n<\/section>\n<div class=\"row ftco-animate justify-content-center mx-0\">\n<div class=\"col-md-3\" style=\"padding-left: 0!important; padding-right: 0!important;\">\n<section class=\"img pt-4 pb-4 greybg\" style=\"padding-top: 0!important;\">\n<div class=\"row justify-content-center mx-0\">\n<p class=\"mt-4 pt-4\" style=\"width: 100%; text-align: center;\"><img decoding=\"async\" class=\"rounded10 px-4\" style=\"width: 500px; max-width: 100%;\" src=\"http:\/\/www.eko-kuca.com\/wp-content\/uploads\/2017\/12\/razanac35.jpg\" \/><\/p>\n<p class=\"px-4 py-1 mt-2\" style=\"display: inline-block; background-color: #ff0000; color: #fff;\">Nov\u00e9!<\/p>\n<h2 style=\"font-size: 20px!important; width: 100%!important; text-align: center!important;\">Dom v Ra\u017eance v Chorvatsku je dokon\u010den\u00fd<\/h2>\n<p class=\"mb-4\"><a class=\"btn btn-secondary\" href=\"https:\/\/www.eko-kuca.com\/sk\/fazy-vystavby-montovane-domy\/dom-v-razance-v-chorvatsku\/\">Pozrite si gal\u00e9riu<\/a><\/p>\n<\/div>\n<\/section>\n<\/div>\n<div class=\"col-md-3\" style=\"padding-left: 0!important; padding-right: 0!important;\">\n<section class=\"img pt-4 pb-4\" style=\"padding-top: 0!important;\">\n<div class=\"row justify-content-center mx-0\">\n<p class=\"mt-4 pt-4\" style=\"width: 100%; text-align: center;\"><img decoding=\"async\" class=\"rounded10 px-4\" style=\"width: 500px; max-width: 100%;\" src=\"https:\/\/www.eko-kuca.com\/sk\/wp-content\/uploads\/2025\/09\/zrenjanin9.jpg\" \/><\/p>\n<p class=\"px-4 py-1 mt-2\" style=\"display: inline-block; background-color: #ff0000; color: #fff;\">Nov\u00e9!<\/p>\n<h2 style=\"font-size: 20px!important; width: 100%!important; text-align: center!important;\">Dom v Zrenjaninu je dokon\u010den\u00fd<\/h2>\n<p class=\"mb-4\"><a class=\"btn btn-secondary\" href=\"https:\/\/www.eko-kuca.com\/sk\/fazy-vystavby-montovane-domy\/montovany-dom-zrenjanin\/\">Pozrite si gal\u00e9riu<\/a><\/p>\n<\/div>\n<\/section>\n<\/div>\n<div class=\"col-md-3\" style=\"padding-left: 0!important; padding-right: 0!important;\">\n<section class=\"img pt-4 pb-4 greybg\" style=\"padding-top: 0!important;\">\n<div class=\"row justify-content-center mx-0\">\n<p class=\"mt-4 pt-4\" style=\"width: 100%; text-align: center;\"><img decoding=\"async\" class=\"rounded10 px-4\" style=\"width: 500px; max-width: 100%;\" src=\"https:\/\/www.eko-kuca.com\/sk\/wp-content\/uploads\/2025\/09\/zapresic9.jpg\" \/><\/p>\n<p class=\"px-4 py-1 mt-2\" style=\"display: inline-block; background-color: #ff0000; color: #fff;\">Nov\u00e9!<\/p>\n<h2 style=\"font-size: 20px!important; width: 100%!important; text-align: center!important;\">Dom v Zapre\u0161i\u0107e v Chorvatsku je dokon\u010den\u00fd<\/h2>\n<p class=\"mb-4\"><a class=\"btn btn-secondary\" href=\"https:\/\/www.eko-kuca.com\/sk\/fazy-vystavby-montovane-domy\/montovany-dom-zapresic-chorvatsko\/\">Pozrite si gal\u00e9riu<\/a><\/p>\n<\/div>\n<\/section>\n<\/div>\n<div class=\"col-md-3\" style=\"padding-left: 0!important; padding-right: 0!important;\">\n<section class=\"img pt-4 pb-4\" style=\"padding-top: 0!important;\">\n<div class=\"row justify-content-center mx-0\">\n<p class=\"mt-4 pt-4\" style=\"width: 100%; text-align: center;\"><img decoding=\"async\" class=\"rounded10 px-4\" style=\"width: 500px; max-width: 100%;\" src=\"https:\/\/www.eko-kuca.com\/sk\/wp-content\/uploads\/2025\/09\/krems9.jpg\" \/><\/p>\n<p class=\"px-4 py-1 mt-2\" style=\"display: inline-block; background-color: #ff0000; color: #fff;\">Nov\u00e9!<\/p>\n<h2 style=\"font-size: 20px!important; width: 100%!important; text-align: center!important;\">Dom vo Krems an Donau, Rak\u00fasko, je dokon\u010den\u00fd<\/h2>\n<p class=\"mb-4\"><a class=\"btn btn-secondary\" href=\"https:\/\/www.eko-kuca.com\/sk\/fazy-vystavby-montovane-domy\/montovany-dom-krems-an-donau-rakusko\/\">Pozrite si gal\u00e9riu<\/a><\/p>\n<\/div>\n<\/section>\n<\/div>\n<div class=\"col-md-3\" style=\"padding-left: 0!important; padding-right: 0!important;\">\n<section class=\"img pt-4 pb-4\" style=\"padding-top: 0!important;\">\n<div class=\"row justify-content-center mx-0\">\n<p class=\"mt-4 pt-4\" style=\"width: 100%; text-align: center;\"><img decoding=\"async\" class=\"rounded10 px-4\" style=\"width: 500px; max-width: 100%;\" src=\"http:\/\/www.eko-kuca.com\/wp-content\/uploads\/2017\/12\/bamberg9.jpg\" \/><\/p>\n<h2 style=\"font-size: 20px!important; width: 100%!important; text-align: center!important;\">Dom v Bambergu v Nemecku je dokon\u010den\u00fd<\/h2>\n<p class=\"mb-4\"><a class=\"btn btn-secondary\" href=\"https:\/\/www.eko-kuca.com\/sk\/fazy-vystavby-montovane-domy\/montovany-dom-bamberg-nemecko\/\">Pozrite si gal\u00e9riu<\/a><\/p>\n<\/div>\n<\/section>\n<\/div>\n<div class=\"col-md-3\" style=\"padding-left: 0!important; padding-right: 0!important;\">\n<section class=\"img pt-4 pb-4 greybg\" style=\"padding-top: 0!important;\">\n<div class=\"row justify-content-center mx-0\">\n<p class=\"mt-4 pt-4\" style=\"width: 100%; text-align: center;\"><img decoding=\"async\" class=\"rounded10 px-4\" style=\"width: 500px; max-width: 100%;\" src=\"http:\/\/www.eko-kuca.com\/wp-content\/uploads\/2017\/12\/duplek8.jpg\" \/><\/p>\n<h2 style=\"font-size: 20px!important; width: 100%!important; text-align: center!important;\">Dom vo Sp. Dupleku, Slovinsko je dokon\u010den\u00fd<\/h2>\n<p class=\"mb-4\"><a class=\"btn btn-secondary\" href=\"https:\/\/www.eko-kuca.com\/sk\/fazy-vystavby-montovane-domy\/montovany-dom-sp-duplek-slovinsko\/\">Pozrite si gal\u00e9riu<\/a><\/p>\n<\/div>\n<\/section>\n<\/div>\n<div class=\"col-md-3\" style=\"padding-left: 0!important; padding-right: 0!important;\">\n<section class=\"img pt-4 pb-4\" style=\"padding-top: 0!important;\">\n<div class=\"row justify-content-center mx-0\">\n<p class=\"mt-4 pt-4\" style=\"width: 100%; text-align: center;\"><img decoding=\"async\" class=\"rounded10 px-4\" style=\"width: 500px; max-width: 100%;\" src=\"http:\/\/www.eko-kuca.com\/wp-content\/uploads\/2017\/12\/braunau10.jpg\" \/><\/p>\n<h2 style=\"font-size: 20px!important; width: 100%!important; text-align: center!important;\">Dom vo Braunau, Rak\u00fasko, je dokon\u010den\u00fd<\/h2>\n<p class=\"mb-4\"><a class=\"btn btn-secondary\" href=\"http:\/\/www.eko-kuca.com\/sk\/fazy-vystavby-montovane-domy\/montovany-dom-braunau-rakusko\/\">Pozrite si gal\u00e9riu<\/a><\/p>\n<\/div>\n<\/section>\n<\/div>\n<div class=\"col-md-3\" style=\"padding-left: 0!important; padding-right: 0!important;\">\n<section class=\"img pt-4 pb-4 greybg\" style=\"padding-top: 0!important;\">\n<div class=\"row justify-content-center mx-0\">\n<p class=\"mt-4 pt-4\" style=\"width: 100%; text-align: center;\"><img decoding=\"async\" class=\"rounded10 px-4\" style=\"width: 500px; max-width: 100%;\" src=\"https:\/\/www.eko-kuca.com\/sk\/wp-content\/uploads\/2023\/06\/mannheim8.jpg\" \/><\/p>\n<h2 style=\"font-size: 20px!important; width: 100%!important; text-align: center!important;\">Dom v Mannheimu v Nemecku je dokon\u010den\u00fd<\/h2>\n<p class=\"mb-4\"><a class=\"btn btn-secondary\" href=\"https:\/\/www.eko-kuca.com\/sk\/fazy-vystavby-montovane-domy\/montovany-dom-mannheim-nemecko\/\">Pozrite si gal\u00e9riu<\/a><\/p>\n<\/div>\n<\/section>\n<\/div>\n<\/div>\n<div style=\"background-color: #333;\">\n<section id=\"destination-section\" class=\"ftco-intro img py-4\" style=\"background-color: #333;\">\n<div class=\"container\">\n<div class=\"row justify-content-center\">\n<div class=\"col-md-9 text-center\">\n<h2>Koment\u00e1re kupuj\u00facich<\/h2>\n<p class=\"mb-4\"><a class=\"btn btn-secondary\" href=\"http:\/\/www.eko-kuca.com\/sk\/komentare-kupujucich\/\">Pre\u010d\u00edtajte si koment\u00e1re<\/a><\/p>\n<\/div>\n<\/div>\n<\/div>\n<\/section>\n<\/div>\n<section class=\"ftco-section greenbg pb-0\" style=\"padding-bottom: 0!important; padding-top: 20px;\">\n<div class=\"container\">\n<div class=\"row justify-content-center\">\n<div class=\"col-md-8 heading-section text-center ftco-animate fadeInUp ftco-animated\">\n<h2 class=\"mb-4 pb-3\">Montovan\u00fd dom Lena<\/h2>\n<p class=\"video\"><iframe loading=\"lazy\" src=\"https:\/\/www.youtube.com\/embed\/yU0VJhHCA68?rel=0\" width=\"99%\" height=\"400\" frameborder=\"0\" allowfullscreen=\"allowfullscreen\"><\/iframe><\/p>\n<p><a class=\"btn btn-secondary\" href=\"http:\/\/www.eko-kuca.com\/sk\/poschodove-domy\/montovany-dom-lena\/\">Viac<\/a><\/p>\n<\/div>\n<\/div>\n<\/div>\n<\/section>\n<section class=\"ftco-section greybg\">\n<div class=\"container\">\n<div class=\"row justify-content-center pb-5\">\n<div class=\"col-md-12 heading-section text-center ftco-animate\">\n<h2 class=\"mb-4\">Pre\u010do EKO DOM?<\/h2>\n<\/div>\n<\/div>\n<div class=\"row\">\n<div class=\"col-md-12 room-wrap\">\n<div class=\"row\">\n<div class=\"col-xs-12 col-lg-6 ftco-animate\"><img decoding=\"async\" class=\"img-fluidres rounded10\" src=\"http:\/\/www.eko-kuca.com\/wp-content\/themes\/eko\/images\/montazna-kuca-flora.jpg\" \/><\/div>\n<div class=\"col-xs-12 col-lg-6 ftco-animate\">\n<div class=\"text\">\n<p>Pre\u010do si zvoli\u0165 eko montovan\u00e9 domy?<\/p>\n<h3>TRAD\u00cdCIA<\/h3>\n<p>EKO DOM je v\u00fdsledkom viac ne\u017e 30 ro\u010dnej technologickej sk\u00fasenosti a trad\u00edcie v oblasti v\u00fdstavby montovan\u00fdch obytn\u00fdch objektov a stavebn\u00e9ho stol\u00e1rstva, \u010do predstavuje z\u00e1ruku k bezpe\u010dn\u00e9mu investovaniu va\u0161ich pe\u0148az\u00ed.<\/p>\n<h3>PR\u00cdRODN\u00c9 MATERI\u00c1LY A ZDRAV\u00c9 B\u00ddVANIE<\/h3>\n<p>Stavebn\u00e9 materi\u00e1ly pou\u017e\u00edvan\u00e9 na v\u00fdstavbu EKO DOMU s\u00fa pr\u00edrodn\u00e9, zdrav\u00e9 a obnovite\u013en\u00e9 (100% recyklovate\u013en\u00e9).<\/p>\n<p><a class=\"btn btn-secondary\" href=\"preco-eko-dom\">Viac<\/a><\/p>\n<\/div>\n<\/div>\n<\/div>\n<\/div>\n<\/div>\n<\/div>\n<\/section>\n<section class=\"ftco-section  greenbg\">\n<div class=\"row justify-content-center pb-5 mx-0\">\n<div class=\"col-md-12 heading-section text-center ftco-animate\">\n<h2 class=\"mb-4\">F\u00e1zy v\u00fdstavby<\/h2>\n<p>Pozrite si f\u00e1zy v\u00fdstavby<\/p>\n<\/div>\n<\/div>\n<div class=\"px-4\">\n<div class=\"row\">\n<div class=\"col-md-6 col-lg-3 ftco-animate\">\n<div class=\"project\">\n<div class=\"img rounded10\"><a href=\"https:\/\/www.eko-kuca.com\/sk\/fazy-vystavby-montovane-domy\/montovany-dom-mannheim-nemecko\/\"><img decoding=\"async\" class=\"img-fluid rounded10\" src=\"https:\/\/www.eko-kuca.com\/images\/mannheim.jpg\" alt=\" \" \/><\/a><\/div>\n<div class=\"text\">\n<h3 class=\"text-center\"><a href=\"https:\/\/www.eko-kuca.com\/sk\/fazy-vystavby-montovane-domy\/montovany-dom-mannheim-nemecko\/\">Mannheim, Nemecko<\/a><\/h3>\n<\/div>\n<\/div>\n<\/div>\n<div class=\"col-md-6 col-lg-3 ftco-animate\">\n<div class=\"project\">\n<div class=\"img rounded10\"><a href=\"https:\/\/www.eko-kuca.com\/sk\/fazy-vystavby-montovane-domy\/montovany-dom-velike-lasce-pri-lublane\/\"><img decoding=\"async\" class=\"img-fluid rounded10\" src=\"http:\/\/www.eko-kuca.com\/wp-content\/uploads\/2017\/12\/Lasce.jpg\" alt=\" \" \/><\/a><\/div>\n<div class=\"text\">\n<h3 class=\"text-center\"><a href=\"https:\/\/www.eko-kuca.com\/sk\/fazy-vystavby-montovane-domy\/montovany-dom-velike-lasce-pri-lublane\/\">Velike La\u0161\u010de pri \u013dub\u013eane<\/a><\/h3>\n<\/div>\n<\/div>\n<\/div>\n<div class=\"col-md-6 col-lg-3 ftco-animate\">\n<div class=\"project\">\n<div class=\"img rounded10\"><a href=\"https:\/\/www.eko-kuca.com\/sk\/fazy-vystavby-montovane-domy\/montovany-dom-braunau-rakusko\/\"><img decoding=\"async\" class=\"img-fluid rounded10\" src=\"https:\/\/www.eko-kuca.com\/images\/braunau.jpg\" alt=\" \" \/><\/a><\/div>\n<div class=\"text\">\n<h3 class=\"text-center\"><a href=\"https:\/\/www.eko-kuca.com\/sk\/fazy-vystavby-montovane-domy\/montovany-dom-braunau-rakusko\/\">Braunau, Rak\u00fasko <\/a><\/h3>\n<\/div>\n<\/div>\n<\/div>\n<div class=\"col-md-6 col-lg-3 ftco-animate\">\n<div class=\"project\">\n<div class=\"img rounded10\"><a href=\"https:\/\/www.eko-kuca.com\/sk\/fazy-vystavby-montovane-domy\/montovany-dom-benedikt-slovinsko\/\"><img decoding=\"async\" class=\"img-fluid rounded10\" src=\"https:\/\/www.eko-kuca.com\/images\/benedikt.jpg\" alt=\" \" \/><\/a><\/div>\n<div class=\"text\">\n<h3 class=\"text-center\"><a href=\"https:\/\/www.eko-kuca.com\/sk\/fazy-vystavby-montovane-domy\/montovany-dom-benedikt-slovinsko\/\">Benedikt, Slovinsko <\/a><\/h3>\n<\/div>\n<\/div>\n<\/div>\n<div class=\"col-md-6 col-lg-3 ftco-animate\">\n<div class=\"project\">\n<div class=\"img rounded10\"><a href=\"https:\/\/www.eko-kuca.com\/sk\/fazy-vystavby-montovane-domy\/montovany-dom-ana-2-rakusko\/\"><img decoding=\"async\" class=\"img-fluid rounded10\" src=\"http:\/\/www.eko-kuca.com\/wp-content\/uploads\/2016\/12\/97-t.jpg\" alt=\" \" \/><\/a><\/div>\n<div class=\"text\">\n<h3 class=\"text-center\"><a href=\"https:\/\/www.eko-kuca.com\/sk\/fazy-vystavby-montovane-domy\/montovany-dom-ana-2-rakusko\/\">Laakirchen, Rak\u00fasko <\/a><\/h3>\n<\/div>\n<\/div>\n<\/div>\n<div class=\"col-md-6 col-lg-3 ftco-animate\">\n<div class=\"project\">\n<div class=\"img rounded10\"><a href=\"https:\/\/www.eko-kuca.com\/sk\/fazy-vystavby-montovane-domy\/montovany-dom-kranj-slovinsko\/\"><img decoding=\"async\" class=\"img-fluid rounded10\" src=\"http:\/\/www.eko-kuca.com\/wp-content\/uploads\/2017\/12\/kranj37.jpg\" alt=\" \" \/><\/a><\/div>\n<div class=\"text\">\n<h3 class=\"text-center\"><a href=\"https:\/\/www.eko-kuca.com\/sk\/fazy-vystavby-montovane-domy\/montovany-dom-kranj-slovinsko\/\">Kranj, Slovinsko<\/a><\/h3>\n<\/div>\n<\/div>\n<\/div>\n<div class=\"col-md-6 col-lg-3 ftco-animate\">\n<div class=\"project\">\n<div class=\"img rounded10\"><a href=\"https:\/\/www.eko-kuca.com\/sk\/fazy-vystavby-montovane-domy\/montovany-dom-st-polten-rakusko\/\"><img decoding=\"async\" class=\"img-fluid rounded10\" src=\"https:\/\/www.eko-kuca.com\/images\/polten.jpg\" alt=\" \" \/><\/a><\/div>\n<div class=\"text\">\n<h3 class=\"text-center\"><a href=\"https:\/\/www.eko-kuca.com\/sk\/fazy-vystavby-montovane-domy\/montovany-dom-st-polten-rakusko\/\">St.P\u00f6lten, Rak\u00fasko<\/a><\/h3>\n<\/div>\n<\/div>\n<\/div>\n<div class=\"col-md-6 col-lg-3 ftco-animate\">\n<div class=\"project\">\n<div class=\"img rounded10\"><a href=\"https:\/\/www.eko-kuca.com\/sk\/fazy-vystavby-montovane-domy\/montovany-dom-trebelno\/\"><img decoding=\"async\" class=\"img-fluid rounded10\" src=\"http:\/\/www.eko-kuca.com\/wp-content\/uploads\/2017\/12\/trebelno-faze36.jpg\" alt=\" \" \/><\/a><\/div>\n<div class=\"text\">\n<h3 class=\"text-center\"><a href=\"https:\/\/www.eko-kuca.com\/sk\/fazy-vystavby-montovane-domy\/montovany-dom-trebelno\/\">Trebelno, Slovinsko<\/a><\/h3>\n<\/div>\n<\/div>\n<\/div>\n<\/div>\n<\/div>\n<\/section>\n<section id=\"services-section\" class=\"ftco-services-2 ftco-section greybg\">\n<div class=\"container\">\n<div class=\"row justify-content-center pb-5\">\n<div class=\"col-md-12 heading-section text-center ftco-animate fadeInUp ftco-animated\">\n<h2 class=\"mb-4\">Materi\u00e1ly<\/h2>\n<\/div>\n<\/div>\n<div class=\"row\">\n<div class=\"col-md d-flex align-self-stretch ftco-animate fadeInUp ftco-animated\">\n<div class=\"media block-6 services text-center d-block\">\n<div class=\"justify-content-center align-items-center d-flex\"><img decoding=\"async\" class=\"rounded10\" src=\"http:\/\/www.eko-kuca.com\/wp-content\/themes\/eko\/images\/kuca-t.jpg\" \/><\/div>\n<div class=\"media-body\">\n<h3 class=\"heading mb-1 mt-2\">Pr\u00edrodn\u00e9 materi\u00e1ly<\/h3>\n<p>Na\u0161e monta\u017ene ku\u0107e grade se od prirodnih, ne\u0161kodljivih materijala.<\/p>\n<p><a class=\"btn btn-secondary\" href=\"materialy\">Viac<\/a><\/p>\n<\/div>\n<\/div>\n<\/div>\n<div class=\"col-md d-flex align-self-stretch ftco-animate fadeInUp ftco-animated\">\n<div class=\"media block-6 services text-center d-block\">\n<div class=\"justify-content-center align-items-center d-flex\"><img decoding=\"async\" class=\"rounded10\" src=\"http:\/\/www.eko-kuca.com\/wp-content\/themes\/eko\/images\/drvo2.jpg\" \/><\/div>\n<div class=\"media-body\">\n<h3 class=\"heading mb-1 mt-2\">Drevo<\/h3>\n<p>Najzdrav\u0161\u00ed a najlep\u0161\u00ed stavebn\u00fd materi\u00e1l<\/p>\n<p><a class=\"btn btn-secondary\" href=\"materialy\/#drvo\">Viac<\/a><\/p>\n<\/div>\n<\/div>\n<\/div>\n<div class=\"col-md d-flex align-self-stretch ftco-animate fadeInUp ftco-animated\">\n<div class=\"media block-6 services text-center d-block\">\n<div class=\"justify-content-center align-items-center d-flex\"><img decoding=\"async\" class=\"rounded10\" src=\"http:\/\/www.eko-kuca.com\/wp-content\/themes\/eko\/images\/mineralna-vuna.jpg\" \/><\/div>\n<div class=\"media-body\">\n<h3 class=\"heading mb-1 mt-2\">Miner\u00e1lna vlna<\/h3>\n<p>Pr\u00edrodn\u00e1 a ne\u0161kodn\u00e1<\/p>\n<p><a class=\"btn btn-secondary\" href=\"materialy\/#vuna\">Viac<\/a><\/p>\n<\/div>\n<\/div>\n<\/div>\n<\/div>\n<div class=\"row pt-5\">\n<div class=\"col-md d-flex align-self-stretch ftco-animate\">\n<div class=\"media block-6 services text-center d-block\">\n<div class=\"justify-content-center align-items-center d-flex\"><img decoding=\"async\" class=\"rounded10\" src=\"http:\/\/www.eko-kuca.com\/wp-content\/themes\/eko\/images\/osb-ploca.jpg\" \/><\/div>\n<div class=\"media-body\">\n<h3 class=\"heading mb-1 mt-2\">Dosky OSB<\/h3>\n<p>Vynikaj\u00face mechanick\u00e9 a fyzik\u00e1lne vlastnosti<\/p>\n<p><a class=\"btn btn-secondary\" href=\"materialy\/#osb\">Viac<\/a><\/p>\n<\/div>\n<\/div>\n<\/div>\n<div class=\"col-md d-flex align-self-stretch ftco-animate\">\n<div class=\"media block-6 services text-center d-block\">\n<div class=\"justify-content-center align-items-center d-flex\"><img decoding=\"async\" class=\"rounded10\" src=\"http:\/\/www.eko-kuca.com\/wp-content\/themes\/eko\/images\/stiropor-t.jpg\" \/><\/div>\n<div class=\"media-body\">\n<h3 class=\"heading mb-1 mt-2\">Polystyr\u00e9n<\/h3>\n<p>\u0160etr\u00ed energiu na vykurovanie a chladenie<\/p>\n<p><a class=\"btn btn-secondary\" href=\"materialy\/#stiropor\">Viac<\/a><\/p>\n<\/div>\n<\/div>\n<\/div>\n<div class=\"col-md d-flex align-self-stretch ftco-animate\">\n<div class=\"media block-6 services text-center d-block\">\n<div class=\"justify-content-center align-items-center d-flex\"><img decoding=\"async\" class=\"rounded10\" src=\"http:\/\/www.eko-kuca.com\/wp-content\/themes\/eko\/images\/gips-t.jpg\" \/><\/div>\n<div class=\"media-body\">\n<h3 class=\"heading mb-1 mt-2\">Sadrokart\u00f3nov\u00e9 dosky<\/h3>\n<p>Inovat\u00edvna technol\u00f3gia<\/p>\n<p><a class=\"btn btn-secondary\" href=\"materialy\/#gips\">Viac<\/a><\/p>\n<\/div>\n<\/div>\n<\/div>\n<\/div>\n<\/div>\n<\/section>\n","protected":false},"excerpt":{"rendered":"<p>Montovan\u00e9 domy EKO KU\u0106A, Ivanjica Pr\u00edrodn\u00e9 materi\u00e1ly Vynikaj\u00faca tepeln\u00e1 izol\u00e1cia \u2013 \u00faspora energi\u00ed Lacn\u00e1 v\u00fdstavba \u2013 n\u00edzka cena Lep\u0161ie vyu\u017eitie stavebn\u00e9ho priestoru Prisp\u00f4sobivos\u0165 dizajnu urbanistick\u00fdm po\u017eiadavk\u00e1m Bezpecnos\u0165 proti zemetraseniu Mo\u017enos\u0165 p\u00f4\u017eicky Nov\u00e9! Dom v Ra\u017eance v Chorvatsku je dokon\u010den\u00fd Pozrite si gal\u00e9riu Nov\u00e9! Dom v Zrenjaninu je dokon\u010den\u00fd Pozrite si gal\u00e9riu Nov\u00e9! Dom v Zapre\u0161i\u0107e [&hellip;]<\/p>\n","protected":false},"author":1,"featured_media":0,"parent":0,"menu_order":0,"comment_status":"closed","ping_status":"closed","template":"","meta":[],"_links":{"self":[{"href":"https:\/\/www.eko-kuca.com\/sk\/wp-json\/wp\/v2\/pages\/5"}],"collection":[{"href":"https:\/\/www.eko-kuca.com\/sk\/wp-json\/wp\/v2\/pages"}],"about":[{"href":"https:\/\/www.eko-kuca.com\/sk\/wp-json\/wp\/v2\/types\/page"}],"author":[{"embeddable":true,"href":"https:\/\/www.eko-kuca.com\/sk\/wp-json\/wp\/v2\/users\/1"}],"replies":[{"embeddable":true,"href":"https:\/\/www.eko-kuca.com\/sk\/wp-json\/wp\/v2\/comments?post=5"}],"version-history":[{"count":66,"href":"https:\/\/www.eko-kuca.com\/sk\/wp-json\/wp\/v2\/pages\/5\/revisions"}],"predecessor-version":[{"id":1509,"href":"https:\/\/www.eko-kuca.com\/sk\/wp-json\/wp\/v2\/pages\/5\/revisions\/1509"}],"wp:attachment":[{"href":"https:\/\/www.eko-kuca.com\/sk\/wp-json\/wp\/v2\/media?parent=5"}],"curies":[{"name":"wp","href":"https:\/\/api.w.org\/{rel}","templated":true}]}}