{"id":1298,"date":"2022-07-01T02:03:36","date_gmt":"2022-07-01T00:03:36","guid":{"rendered":"http:\/\/www.eko-kuca.com\/sk\/?page_id=1298"},"modified":"2025-11-07T13:04:24","modified_gmt":"2025-11-07T12:04:24","slug":"komentare-kupujucich","status":"publish","type":"page","link":"https:\/\/www.eko-kuca.com\/sk\/komentare-kupujucich\/","title":{"rendered":"Koment\u00e1re kupuj\u00facich"},"content":{"rendered":"<section id=\"komentari\" class=\"ftco-section px-4\">\n<div class=\"row\">\n<div class=\"col-md-6\">\n<div class=\"row justify-content-center pb-3\">\n<div class=\"col-md-7 text-center heading-section ftco-animate fadeInUp ftco-animated\">\n<h2 class=\"mb-4\">Slovinsko a Chorvatsko<\/h2>\n<\/div>\n<\/div>\n<div class=\"row px-4\">\n<div class=\"col-lg-12 pr-lg-4\">\n<div class=\"row\">\n<div class=\"col-md-6 col-lg-6 ftco-animate\">\n<div class=\"project\">\n<div class=\"img\">\n<p><img decoding=\"async\" class=\"img-fluid\" src=\"http:\/\/www.eko-kuca.com\/wp-content\/uploads\/2017\/12\/razanac53.jpg\" alt=\" \" \/><\/p>\n<\/div>\n<div class=\"text\">\n<h4 class=\"price mb-2\">CHORVATSKO<\/h4>\n<h3 class=\"mt-2\">Daniela A Harrald, Ra\u017eanac<\/h3>\n<p class=\"tekstkom\">Bili smo na gradbi\u0161\u010du, izgleda zelo dobro in zelo nam je v\u0161e\u010d.<br \/>\nZ va\u0161im delom smo navdu\u0161eni.<br \/>\nVelika zahvala vodstvu podjetja Eko Ku\u0107a in obrtnikom.<br \/>\nEco House bomo zelo priporo\u010dili. Najlep\u0161a hvala.<\/p>\n<\/div>\n<\/div>\n<\/div>\n<div class=\"col-md-6 col-lg-6 ftco-animate\">\n<div class=\"project\">\n<div class=\"img\">\n<p><img decoding=\"async\" class=\"img-fluid\" src=\"http:\/\/www.eko-kuca.com\/wp-content\/uploads\/2022\/06\/slovenija-lenart-4.jpg\" alt=\" \" \/><\/p>\n<\/div>\n<div class=\"text\">\n<h4 class=\"price mb-2\">SLOVINSKO<\/h4>\n<h3 class=\"mt-2\">Bojan a Bojana Hat z Lenartu<\/h3>\n<p class=\"tekstkom\">Na\u0161e sk\u00fasenosti zo spolupr\u00e1ce so spolo\u010dnos\u0165ou EKO KU\u0106A [EKO DOM]<br \/>\nKe\u010f sme sa s man\u017eelom rozhodli pre stavbu domu, rozm\u00fd\u0161lali sme o men\u0161om dom\u010deku pre dvoch, ktor\u00fd bude n\u00edzkoenergetick\u00fd, teda ekonomick\u00fd a z kvalitn\u00fdch materi\u00e1lov. Na odpor\u00fa\u010danie zn\u00e1meho sme sa spojili s riadite\u013eom spolo\u010dnosti EKO KU\u0106A p\u00e1nom Jovanovi\u010dom.<br \/>\nOzn\u00e1mili sme mu na\u0161e \u017eelania a uk\u00e1zali koncep\u010dn\u00fd n\u00e1vrh p\u00f4dorysu na z\u00e1klade ktor\u00e9ho ich firma spracovala projekt n\u00e1\u0161ho domu. Teda presne pod\u013ea na\u0161ich predst\u00e1v, \u010do pre m\u0148a ve\u013ea znamenalo.<br \/>\nMus\u00edm zd\u00f4razni\u0165, \u017ee tak\u00fd korektn\u00fd pr\u00edstup a kvalitn\u00e1 stavba, ak\u00fa m\u00e1 t\u00e1to firma sa r\u00fdchlo nen\u00e1jde. V\u0161etko prebehlo presne tak, ako bolo dohodnut\u00e9 \u2013 od podpisu zmluvy a\u017e po stavbu na k\u013e\u00fa\u010d. Pobyt v ich dome je naozaj pr\u00edjemn\u00fd, preto\u017ee materi\u00e1ly s\u00fa naozaj kvalitn\u00e9, ale aj spracovanie. Cez leto je pr\u00edjemne chladno a v zime pri extr\u00e9mne n\u00edzkej spotrebe energie pr\u00edjemne teplo. Teraz uplynulo dos\u0165 \u010dasu na to, aby sme mohli potvrdi\u0165, \u017ee dom je aj ekonomick\u00fd.<br \/>\nV skratke zhrnieme spolupr\u00e1cu s EKO KU\u0106OM. S\u00fa korektn\u00ed, prisp\u00f4sobiv\u00ed, kvalitn\u00ed, aktu\u00e1lni, profesion\u00e1lni a maj\u00fa rozumn\u00e9 ceny.<\/p>\n<\/div>\n<\/div>\n<\/div>\n<div class=\"col-md-6 col-lg-6 ftco-animate\">\n<div class=\"project\">\n<div class=\"img\"><img decoding=\"async\" class=\"img-fluid\" src=\"http:\/\/www.eko-kuca.com\/wp-content\/uploads\/2022\/06\/slovenija-murska-sobota-1.jpg\" alt=\" \" \/><\/div>\n<div class=\"text\">\n<h4 class=\"price mb-2\">SLOVINSKO<\/h4>\n<h3 class=\"mt-2\">Dr. Zoran a Karmen Kranjec z Roga\u0161oviec<\/h3>\n<p class=\"tekstkom\">So spolo\u010dnos\u0165ou Eko ku\u0107a [Eko dom] sme ve\u013emi spokojn\u00ed. Za cel\u00fd mesiac sa pod veden\u00edm p\u00e1na Jovanovi\u010da a jeho t\u00edmu vybudovala skuto\u010dn\u00e1 kr\u00e1sa, ktor\u00e1 nem\u00e1 konkurenciu.<br \/>\nNajd\u00f4le\u017eitej\u0161ie je, \u017ee nielen montovan\u00e1 v\u00fdstavba postupovala r\u00fdchlo ale aj kvalita samotnej mont\u00e1\u017ee. Ve\u013ek\u00fa z\u00e1sluhu na tom m\u00e1 \u0161\u00e9f spolo\u010dnosti Dragoslav Jovanovi\u0107. Je to \u0161\u00e9f, ak\u00e9ho si ani nevymyslite, preto\u017ee v\u0161etko rob\u00ed prec\u00edzne, dokonale a predov\u0161etk\u00fdm poctivo. Re\u0161pektuje dohody a term\u00edny. V\u0161etci, ktor\u00ed sa podie\u013eali na mont\u00e1\u017ei domu pod jeho veden\u00edm, svoju pr\u00e1cu odviedli viac ne\u017e skvele.<br \/>\nAj preto je v\u00fdsledok stavby montovan\u00e9ho domu priamo \u00famern\u00fd invest\u00edcii. Dobr\u00ed pracovn\u00edci, mana\u017ement a kvalita prispeli k vytvoreniu skuto\u010dne jedine\u010dn\u00e9ho vysn\u00edvan\u00e9ho domu.<\/p>\n<\/div>\n<\/div>\n<\/div>\n<div class=\"col-md-6 col-lg-6 ftco-animate\">\n<div class=\"project\">\n<div class=\"img\"><img decoding=\"async\" class=\"img-fluid\" src=\"http:\/\/www.eko-kuca.com\/wp-content\/uploads\/2022\/06\/slovenija-trebnje-1.jpg\" alt=\" \" \/><\/div>\n<div class=\"text\">\n<h4 class=\"price mb-2\">SLOVINSKO<\/h4>\n<h3 class=\"mt-2\">Maksimilijan Punger\u010dar a Tadeja Sotlar z Trebelna<\/h3>\n<p class=\"tekstkom\">Mus\u00edme pochv\u00e1li\u0165 Va\u0161u spolo\u010dnos\u0165 EKO KU\u0106A a riadite\u013ea Dragoslava Jovanovi\u0107a, ako aj v\u0161etk\u00fdch jej subdod\u00e1vate\u013eov.<br \/>\nV\u0161etci odviedli svoju pr\u00e1cu dobre a v dohodnut\u00fdch term\u00ednoch, teda sk\u00f4r pred term\u00ednom ako s me\u0161kan\u00edm. Pochv\u00e1li\u0165 mus\u00edme aj to, \u017ee od prv\u00e9ho d\u0148a, ke\u010f sme sa o dom za\u010dali zauj\u00edma\u0165, ste prejavili z\u00e1ujem o n\u00e1\u0161 dom a pozvali n\u00e1s na prehliadku \u010fal\u0161\u00edch va\u0161ich domov.<br \/>\nTeraz, ke\u010f sme na konci stavby n\u00e1\u0161ho domu, mus\u00edme pochv\u00e1li\u0165 kvalitu stavby domu, ako aj kvalitu vlo\u017een\u00fdch materi\u00e1lov.<br \/>\nHlavn\u00e1 je v kone\u010dnom d\u00f4sledku aj cena, ktor\u00e1 je vzh\u013eadom na v\u0161etko, \u010do u\u017e bolo povedan\u00e9, ve\u013emi priazniv\u00e1.<br \/>\n\u010eakujem, bolo pr\u00edjemn\u00e9 s vami spolupracova\u0165.<\/p>\n<\/div>\n<\/div>\n<\/div>\n<div class=\"col-md-6 col-lg-6 ftco-animate\">\n<div class=\"project\">\n<div class=\"img\">\n<p><img decoding=\"async\" class=\"img-fluid\" src=\"http:\/\/www.eko-kuca.com\/wp-content\/uploads\/2022\/06\/slovenija-kozina-1.jpg\" alt=\" \" \/><\/p>\n<\/div>\n<div class=\"text\">\n<h4 class=\"price mb-2\">SLOVINSKO<\/h4>\n<h3 class=\"mt-2\">Zdenko a Ana Trnovec Jeler\u010di\u010d z Hrpelju pri Kozine<\/h3>\n<p class=\"tekstkom\">Ve\u013emi pozit\u00edvne ma prekvapil r\u00fdchly v\u00fdkon a korektnos\u0165 zodpovedn\u00fdch v spolo\u010dnosti EKO KU\u0106A. Dodr\u017eali v\u0161etko, na \u010dom sme sa dohodli, v pr\u00edpade nejasnost\u00ed alebo nezrovnalost\u00ed sa n\u00e1m podarilo \u00faspe\u0161ne dohodn\u00fa\u0165. Ich zamestnan\u00ed dod\u00e1vatelia (mont\u00e9ri, elektrik\u00e1ri, fas\u00e1dnici, keramik\u00e1ri&#8230;) boli ve\u013emi korektn\u00ed a n\u00e1pomocn\u00ed.<br \/>\nZd\u00e1 sa mi, \u017ee je ve\u013emi d\u00f4le\u017eit\u00e9 to, \u017ee dodr\u017eali v\u0161etky term\u00edny.<br \/>\nCena bola tie\u017e najlep\u0161ia v porovnan\u00ed s ostatn\u00fdmi dod\u00e1vate\u013emi.<br \/>\nAj ke\u010f sme sa spo\u010diatku rozmz\u00fd\u0161\u013eali pre\u010do berieme firmu zo Srbska, musim ale poveda\u0165, \u017ee naozaj boli korektn\u00ed a \u017ee som ve\u013emi pozit\u00edvne prekvapen\u00fd. Ak by som sa rozhodoval znova, ur\u010dite by som si vybral spolo\u010dnos\u0165 EKO KU\u0106A [EKO DOM].<\/p>\n<\/div>\n<\/div>\n<\/div>\n<div class=\"col-md-6 col-lg-6 ftco-animate\">\n<div class=\"project\">\n<div class=\"img\"><img decoding=\"async\" class=\"img-fluid\" src=\"http:\/\/www.eko-kuca.com\/wp-content\/uploads\/2022\/06\/slovenija-sentilj-1.jpg\" alt=\" \" \/><\/div>\n<div class=\"text\">\n<h4 class=\"price mb-2\">SLOVINSKO<\/h4>\n<h3 class=\"mt-2\">Bojan a Metka Kitel zo \u0160entilja<\/h3>\n<p class=\"tekstkom\">Dozvedeli sme sa o firme EKO KU\u0106A z Ivanjice, ktor\u00fa vedie Drago Jovanovi\u0107. S p\u00e1nom Jovanovi\u0107om sme sa najsk\u00f4r skontaktovali telefonicky a potom sme sa stretli v Maribore, kde sme mu predniesli na\u0161e \u017eelania. Rozhovor bol pr\u00edjemn\u00fd, dostali sme ve\u013ea inform\u00e1ci\u00ed a skon\u0161tatovali sme, \u017ee spolo\u010dnos\u0165 EKO KU\u0106A by n\u00e1m mohla pom\u00f4c\u0165 zrealizova\u0165 na\u0161e priania.<br \/>\nFirma EKO KU\u0106A pod\u013ea dohody pristavila na pozemok montovan\u00fd dom s dvoma ve\u013ek\u00fdmi n\u00e1kladn\u00fdmi autami s ktor\u00fdmi pri\u0161iel t\u00edm troch mont\u00e9rov. Za p\u00e1r dn\u00ed bol dom pod strechou, pr\u00e1ce i\u0161li nadmieru dobre, niekedy sme si aj mysleli, \u017ee n\u00e1s v\u0161etk\u00fdch predbehn\u00fa. Tak\u017ee aj napriek obdobiu, ke\u010f vl\u00e1dol Covid sa n\u00e1m podarilo dom dokon\u010di\u0165 a nas\u0165ahova\u0165 sa do \u00faplne hotov\u00e9ho domu. S p\u00e1nom Jovanovi\u0107om sme nadviazali pr\u00edjemn\u00e9 vz\u0165ahy, na\u0161e po\u010detn\u00e9 priania vypo\u010dul a v\u0161etky splnil. S domom sme ve\u013emi spokojn\u00ed a \u010fakujeme p\u00e1novi Jovanovi\u0107ovi za v\u00fdborn\u00fa spolupr\u00e1cu a v\u00fdkon a hlavne je potrebn\u00e9 stanovi\u0165 priazniv\u00fa cenu oproti slovinsk\u00fdm uch\u00e1dza\u010dom.<\/p>\n<\/div>\n<\/div>\n<\/div>\n<div class=\"col-md-6 col-lg-6 ftco-animate\">\n<div class=\"project\">\n<div class=\"img\"><img decoding=\"async\" class=\"img-fluid\" src=\"http:\/\/www.eko-kuca.com\/wp-content\/uploads\/2022\/06\/slovenija-starse-1.jpg\" alt=\" \" \/><\/div>\n<div class=\"text\">\n<h4 class=\"price mb-2\">SLOVINSKO<\/h4>\n<h3 class=\"mt-2\">Davorin a Marija Planinc zo Star\u0161e<\/h3>\n<p class=\"tekstkom\">Sme v\u010fa\u010dn\u00ed za va\u0161u tvrd\u00fa pr\u00e1cu a \u010das na uskuto\u010dnenie na\u0161ich snov&#8230; Od prv\u00e9ho rozhovoru sme si boli ist\u00ed, \u017ee v\u0161etko sa d\u00e1 vyrie\u0161i\u0165 a urobi\u0165. Va\u0161e rady a n\u00e1vrhy pre n\u00e1s ve\u013ea znamenali, preto\u017ee ver\u00edm, \u017ee ka\u017ed\u00fd, kto za\u010d\u00edna pl\u00e1nova\u0165 svoje b\u00fdvanie, \u010dasto netu\u0161\u00ed ako a \u010do m\u00e1 robi\u0165&#8230; Dok\u00e1zali ste, \u017ee ste d\u00f4veryhodn\u00e1 spolo\u010dnos\u0165, ktor\u00e1 riadi organiz\u00e1ciu a realiz\u00e1ciu a dok\u00e1\u017ee zabezpe\u010di\u0165 kvalitu a \u010das na dokon\u010denie pracovn\u00e9ho procesu&#8230;. Dok\u00e1zali ste, \u017ee viete vypo\u010du\u0165 a poradi\u0165&#8230; Vedeli sme, \u017ee montovan\u00e9 domy r\u00fdchlo rast\u00fa, ale nevedeli sme si predstavi\u0165, \u017ee o tri mesiace tam budeme aj b\u00fdva\u0165&#8230; samozrejme, ak je v\u0161etko dobre napl\u00e1novan\u00e9 a zorganizovan\u00e9, diela be\u017eia ako piese\u0148&#8230; Prajeme V\u00e1m, aby ste si postavili e\u0161te ve\u013ea kr\u00e1snych domovov a vy\u010darili \u00fasmev v\u0161etk\u00fdm, ktor\u00ed sa z nich bud\u00fa m\u00f4c\u0165 te\u0161i\u0165.<\/p>\n<\/div>\n<\/div>\n<\/div>\n<div class=\"col-md-6 col-lg-6 ftco-animate\">\n<div class=\"project\">\n<div class=\"img\"><img decoding=\"async\" class=\"img-fluid\" src=\"http:\/\/www.eko-kuca.com\/wp-content\/uploads\/2022\/06\/slovenija-kranj-1.jpg\" alt=\" \" \/><\/div>\n<div class=\"text\">\n<h4 class=\"price mb-2\">SLOVINSKO<\/h4>\n<h3 class=\"mt-2\">Nenad a Bojana z Kranja<\/h3>\n<p class=\"tekstkom\">S firmou EKO KU\u0106A [EKO DOM] Ivanjica sme ve\u013emi spokojn\u00ed. Projekt v\u00fdstavby montovan\u00e9ho domu bol zrealizovan\u00fd na\u010das. T\u00edm spolo\u010dnosti EKO KU\u0106A odviedol pr\u00e1cu profesion\u00e1lne, r\u00fdchlo a kvalitne. Teraz sme v dome u\u017e tret\u00ed rok a pobyt v \u0148om je ve\u013emi pr\u00edjemn\u00fd. \u010eakujeme riadite\u013eovi p\u00e1novi Dragoslavovi Jovanovi\u0107ovi za odveden\u00fa pr\u00e1cu a re\u0161pektovanie na\u0161ich prian\u00ed pri v\u00fdstavbe.<\/p>\n<\/div>\n<\/div>\n<\/div>\n<div class=\"col-md-6 col-lg-6 ftco-animate\">\n<div class=\"project\">\n<div class=\"img\"><img decoding=\"async\" class=\"img-fluid\" src=\"http:\/\/www.eko-kuca.com\/wp-content\/uploads\/2022\/06\/slovenija-lenart-2.jpg\" alt=\" \" \/><\/div>\n<div class=\"text\">\n<h4 class=\"price mb-2\">SLOVINSKO<\/h4>\n<h3 class=\"mt-2\">Peter a Zdenka Letnik z Lenartu<\/h3>\n<p class=\"tekstkom\">Napriek tomu, \u017ee o stavbe domov je po\u010du\u0165 v\u0161eli\u010do, mus\u00edme uzna\u0165, \u017ee s va\u0161ou ponukou, materi\u00e1lmi a fin\u00e1lnou stavbou n\u00e1\u0161ho domu sme nadpriemerne spokojn\u00ed.<br \/>\nPreto V\u00e1s odpor\u00fa\u010dame mnoh\u00fdm klientom a budeme V\u00e1s odpor\u00fa\u010da\u0165 aj na\u010falej, preto\u017ee tak\u00fa dobr\u00fa spolupr\u00e1cu a ve\u013emi priazniv\u00e9 ceny sme naozaj ne\u010dakali. E\u0161te raz \u010fakujem za v\u0161etko a ste v\u017edy v\u00edtan\u00ed.<\/p>\n<\/div>\n<\/div>\n<\/div>\n<div class=\"col-md-6 col-lg-6 ftco-animate\">\n<div class=\"project\">\n<div class=\"img\"><img decoding=\"async\" class=\"img-fluid\" src=\"http:\/\/www.eko-kuca.com\/wp-content\/uploads\/2022\/06\/slovenija-sikole.jpg\" alt=\" \" \/><\/div>\n<div class=\"text\">\n<h4 class=\"price mb-2\">SLOVINSKO<\/h4>\n<h3 class=\"mt-2\">Tatjana a Janko PICHLER zo \u0160ikoly pri meste Ptuj<\/h3>\n<p class=\"tekstkom\">Mus\u00edme sa prizna\u0165, \u017ee na za\u010diatku stavby n\u00e1\u0161ho domu sme si spolupr\u00e1cu so spolo\u010dnos\u0165ou EKO KU\u0106A predstavovali inak. V\u0161etci vieme, ako je to s r\u00f4znymi majstrami: ich s\u013euby a z\u00e1ruky treba v\u00e4\u010d\u0161inou prij\u00edma\u0165 s rezervou. Tentoraz to v\u0161ak tak nebolo. Je tak\u00e9 cenn\u00e9 ako zlato, ke\u010f m\u00f4\u017eete ma\u0165 d\u00f4veru, ke\u010f sa m\u00f4\u017eete spo\u013eahn\u00fa\u0165 na to, \u017ee v\u0161etko, \u010do bolo dohodnut\u00e9, bude skuto\u010dne re\u0161pektovan\u00e9. A mus\u00edm poveda\u0165, \u017ee \u00e1no: \u00faplne v\u0161etko bolo dodr\u017ean\u00e9. V\u0161etko, \u010do bolo s\u013e\u00faben\u00e9, \u010do bolo dohodnut\u00e9 sa aj zrealizovalo, niekedy aj o nieko\u013eko dni sk\u00f4r. V\u0161etci zamestnanci urobili maximum. Cel\u00fa spolo\u010dnos\u0165 sme u\u017e v\u0161etk\u00fdm odporu\u010dili a pochv\u00e1lili, preto\u017ee sa za ka\u017ed\u00fdm okoloid\u00faci zastavili. V\u0161etk\u00fdch m\u00f4\u017eeme len uprimne pochv\u00e1li\u0165!<\/p>\n<\/div>\n<\/div>\n<\/div>\n<div class=\"col-md-6 col-lg-6 ftco-animate\">\n<div class=\"project\">\n<div class=\"img\"><img decoding=\"async\" class=\"img-fluid\" src=\"http:\/\/www.eko-kuca.com\/wp-content\/uploads\/2022\/06\/slovenija-jurovski-dol-1.jpg\" alt=\" \" \/><\/div>\n<div class=\"text\">\n<h4 class=\"price mb-2\">SLOVINSKO<\/h4>\n<h3 class=\"mt-2\">Mateja a Gregor Megli\u010d, Jurovski Dol pri Lenartu<\/h3>\n<p class=\"tekstkom\">T\u00edm Eko ku\u0107a [Eko Dom] n\u00e1m umo\u017enil zrealizova\u0165 n\u00e1\u0161 rodinn\u00fd sen.<br \/>\nS ich odbornou pomocou sme dostali dom pod\u013ea na\u0161ej miery a vkusu.<br \/>\nSpolo\u010dnos\u0165 Eko Ku\u0107a sa vyzna\u010duje profesionalitou, l\u00e1skavos\u0165ou, v\u010dasnos\u0165ou a kvalitou. Radi ich odpor\u00fa\u010dame \u010falej.<\/p>\n<\/div>\n<\/div>\n<\/div>\n<div class=\"col-md-6 col-lg-6 ftco-animate\">\n<div class=\"project\">\n<div class=\"img\"><img decoding=\"async\" class=\"img-fluid\" src=\"http:\/\/www.eko-kuca.com\/wp-content\/uploads\/2022\/06\/slovenija-golnik-1.jpg\" alt=\" \" \/><\/div>\n<div class=\"text\">\n<h4 class=\"price mb-2\">SLOVINSKO<\/h4>\n<h3 class=\"mt-2\">Azra Catic a Rok Golob z Letnice pri Golniku<\/h3>\n<p class=\"tekstkom\">S partnerom sme sledovali stavbu domu, ktor\u00fa v okol\u00ed Kranja stavali Eko Ku\u0107a[Eko dom]. Na z\u00e1klade toho, \u010do sme videli, rozhodli sme sa pre ne pri stavbe domu. Stavali sme po\u010das Covid-19, kde boli probl\u00e9my kv\u00f4li hrani\u010dn\u00fdm prechodom a zatv\u00e1raniu obchodov, ale v\u0161etko sme po vz\u00e1jomnej dohode zvl\u00e1dli a dom sme dokon\u010dili. S dod\u00e1vate\u013eom stavby sme nemali \u017eiadne probl\u00e9my, v\u0161etko bolo tak ako sme sa dohodli a s domom sme spokojn\u00ed. Odpor\u00fa\u010dame spolupr\u00e1cu s Eko Ku\u0107a. Ak by sme potrebovali nejak\u00e9 inform\u00e1cie alebo \u010doko\u013evek, aj dnes p\u00e1n Jovanovi\u0107 na v\u0161etko odpovie.<\/p>\n<\/div>\n<\/div>\n<\/div>\n<div class=\"col-md-6 col-lg-6 ftco-animate\">\n<div class=\"project\">\n<div class=\"img\"><img decoding=\"async\" class=\"img-fluid\" src=\"http:\/\/www.eko-kuca.com\/wp-content\/uploads\/2022\/06\/lodjinovic.jpg\" alt=\" \" \/><\/div>\n<div class=\"text\">\n<h4 class=\"price mb-2\">SLOVINSKO<\/h4>\n<h3 class=\"mt-2\">Boban a Martina Lodjinovic, Benedikt pri Maribore<\/h3>\n<p class=\"tekstkom\">Na firmu Eko Ku\u0107e z Ivanjice sme po\u010duli ve\u013ea chv\u00e1ly. Najprv sme sa telefonicky spojili s p\u00e1nom Dragotom a potom sme sa stretli v Belehrade s jeho synom \u017deljkom. Obaja n\u00e1m poskytli mno\u017estvo pozit\u00edvnych inform\u00e1ci\u00ed a zrealizovalo sa v\u0161etko, na \u010dom sme sa dohodli na prvom stretnut\u00ed&#8230;a e\u0161te ove\u013ea viac!<br \/>\nNa n\u00e1\u0161 pozemok pri\u0161li 3 kami\u00f3ny pln\u00e9 materi\u00e1lu a na druh\u00fd de\u0148 za\u010dala mont\u00e1\u017e n\u00e1\u0161ho dlho o\u010dak\u00e1van\u00e9ho domu.<br \/>\nV\u0161etko prebehlo tak, ako malo.<br \/>\nVe\u013ea pre n\u00e1s znamenalo, \u017ee n\u00e1m poradili a boli v\u017edy k dispoz\u00edcii, keby sme nie\u010do potrebovali!<br \/>\nPrajeme v\u00e1m, aby ste si postavili e\u0161te ve\u013ea n\u00e1dhern\u00fdch domov, ak\u00e9 ste robili doteraz! Ur\u010dite V\u00e1s budeme odpor\u00fa\u010da\u0165 aj ostatn\u00fdm, preto\u017ee ste skuto\u010dne osoba s ve\u013ek\u00fdm srdcom a svoju pr\u00e1cu vykon\u00e1vate profesion\u00e1lne, zodpovedne a ve\u013emi prec\u00edzne.<\/p>\n<\/div>\n<\/div>\n<\/div>\n<div class=\"col-md-6 col-lg-6 ftco-animate\">\n<div class=\"project\">\n<div class=\"img\"><img decoding=\"async\" class=\"img-fluid\" src=\"http:\/\/www.eko-kuca.com\/wp-content\/uploads\/2022\/06\/plesa.jpg\" alt=\" \" \/><\/div>\n<div class=\"text\">\n<h4 class=\"price mb-2\">SLOVINSKO<\/h4>\n<h3 class=\"mt-2\">PROJEKT TA, Toma\u017e Ple\u0161a, VELIKE LAS\u010cE pri \u013dUB\u013dANE<\/h3>\n<p class=\"tekstkom\">My zo spolo\u010dnosti TA PROJEKT sme spokojn\u00ed s kompletnou spolupr\u00e1cou a profesion\u00e1lnym vz\u0165ahom zamestnancov spolo\u010dnosti EKO KUCA ako s odborn\u00fdm t\u00edmom, tak aj s pracovn\u00edkmi, ktor\u00ed urobili v\u0161etky pr\u00e1ce na montovanom dome v lokalite Velike La\u0161\u010de kvalitne a na\u010das a splnil tak zmluvn\u00e9 z\u00e1v\u00e4zky. Pokra\u010dujeme v \u00faspe\u0161nej spolupr\u00e1ci a objedn\u00e1vame \u010fal\u0161\u00ed dom.<\/p>\n<\/div>\n<\/div>\n<\/div>\n<\/div>\n<\/div>\n<p><!-- end --><\/p>\n<\/div>\n<\/div>\n<p><!--row col--><br \/>\n<!--second col--><\/p>\n<div class=\"col-md-6\" style=\"border-left: 1px solid #a4a4a4;\">\n<div class=\"row justify-content-center pb-3\">\n<div class=\"col-md-12 text-center heading-section ftco-animate fadeInUp ftco-animated\">\n<h2 class=\"mb-4\">Rak\u00fasko a Nemecko<\/h2>\n<\/div>\n<\/div>\n<div class=\"row px-4\">\n<div class=\"col-lg-12 pr-lg-4\">\n<div class=\"row\">\n<div class=\"col-md-6 col-lg-6 ftco-animate\">\n<div class=\"project\">\n<div class=\"img\"><img decoding=\"async\" class=\"img-fluid\" src=\"http:\/\/www.eko-kuca.com\/wp-content\/uploads\/2017\/12\/bamberg23.jpg\" alt=\" \" \/><\/div>\n<div class=\"text\">\n<h4 class=\"price mb-2\">NEMECKO<\/h4>\n<h3 class=\"mt-2\">Torlakovic Marina i Slobodan, Bamberg<\/h3>\n<p class=\"tekstkom\">Odli\u010dno sodelovanje s podjetjem EKO KUCA \u017ee od prvega dne. Na podlagi bogatih izku\u0161enj pri gradnji hi\u0161, od tega fanta smo dobili veliko koristnih nasvetov in predlogov. Dela so bila izvedena v predvidenem roku, kakovost materialov in strokovnost ekipe EKO KUCA na visokem nivoju. Kak\u0161no priporo\u010dilo za tistega, ki \u017eeli se izogniti dolgi in mukotrpni gradnji in namesto tega zelo hitro u\u017eivati v svojem domov.<\/p>\n<\/div>\n<\/div>\n<\/div>\n<div class=\"col-md-6 col-lg-6 ftco-animate\">\n<div class=\"project\">\n<div class=\"img\"><img decoding=\"async\" class=\"img-fluid\" src=\"http:\/\/www.eko-kuca.com\/wp-content\/uploads\/2017\/12\/bernd.jpg\" alt=\" \" \/><\/div>\n<div class=\"text\">\n<h4 class=\"price mb-2\">RAK\u00daSKO<\/h4>\n<h3 class=\"mt-2\">Margit i Bernd Seitenelberger, M\u00f6lersdorf (Traiskirchen)<\/h3>\n<p class=\"tekstkom\">S kakovostjo, dobavo in izvedbo del, ki jih izvaja Eko Kuca, smo zelo zadovoljni.<br \/>\nCenovna zmogljivost je zelo dobra, prav tako materiali.<br \/>\nDel zaklju\u010dnih notranjih del smo morali opraviti sami, saj Eko Kuca zaradi Covid pandemije tega ni mogla izvesti. Tema je na voljo tudi pri avstrijskih dobaviteljih.<br \/>\nDanes \u017eivimo v dokon\u010dani hi\u0161i in smo z na\u0161o hi\u0161o zelo zadovoljni.<\/p>\n<\/div>\n<\/div>\n<\/div>\n<div class=\"col-md-6 col-lg-6 ftco-animate\">\n<div class=\"project\">\n<div class=\"img\"><img decoding=\"async\" class=\"img-fluid\" src=\"http:\/\/www.eko-kuca.com\/wp-content\/uploads\/2022\/06\/austrija-laakirchen-1.jpg\" alt=\" \" \/><\/div>\n<div class=\"text\">\n<h4 class=\"price mb-2\" style=\"text-transform: uppercase;\">Rak\u00fasko<\/h4>\n<h3 class=\"mt-2\">Sla\u010fana a Slobodan Krsmanovi\u0107 z Laakirchena<\/h3>\n<p class=\"tekstkom\">Odborn\u00fd t\u00edm a pracovn\u00edci z Eko Ku\u0107a [Eko dom] vynalo\u017eili maxim\u00e1lne \u00fasilie, aby vyhoveli v\u0161etk\u00fdm na\u0161im prianiam a potreb\u00e1m na\u0161ej rodiny postavi\u0165 montovan\u00fd dom, ktor\u00fd sp\u013a\u0148a v\u0161etky rak\u00faske \u0161tandardy v stavebn\u00edctve. Zd\u00f4raz\u0148ujeme, \u017ee sme spokojn\u00ed s kvalitou, cenou a dobou v\u00fdstavby n\u00e1\u0161ho domu v ktorom b\u00fdvame u\u017e 9 rokov. Dom je energeticky nen\u00e1ro\u010dn\u00fd, a preto m\u00e1me n\u00edzke n\u00e1klady na vykurovanie a chladenie. Prajeme im ve\u013ea \u00faspechov v \u010fal\u0161ej pr\u00e1ci.<\/p>\n<\/div>\n<\/div>\n<\/div>\n<div class=\"col-md-6 col-lg-6 ftco-animate\">\n<div class=\"project\">\n<div class=\"img\"><img decoding=\"async\" class=\"img-fluid\" src=\"http:\/\/www.eko-kuca.com\/wp-content\/uploads\/2022\/06\/lopatkanikola.jpg\" alt=\" \" \/><\/div>\n<div class=\"text\">\n<h4 class=\"price mb-2\" style=\"text-transform: uppercase;\">Rak\u00fasko<\/h4>\n<h3 class=\"mt-2\">Lopatka Katarina a Trailovic Nikola, Uttendorf pri Braunau<\/h3>\n<p class=\"tekstkom\">Celkovo sme spokojn\u00ed s firmou Eko Kuca, ktor\u00e1 n\u00e1m dom postavila.<br \/>\nSamozrejme, vyskytlo sa p\u00e1r men\u0161\u00edch probl\u00e9mov, \u010do je v stavebn\u00edctve celkom be\u017en\u00e9, ale v\u017edy sme spolu pri\u0161li na dobr\u00e9 rie\u0161enia a nikdy nezostalo v\u0161etko na n\u00e1s.<br \/>\nPracovn\u00edci s\u00fa ve\u013emi profesion\u00e1lni a r\u00fdchli, \u010do sa toho t\u00fdka, nem\u00f4\u017eeme ni\u010d vytkn\u00fa\u0165.<br \/>\nDom je v\u00fdborne uroben\u00fd a firmu Eko Kuca odpor\u00fa\u010dame ka\u017ed\u00e9mu.<br \/>\nNaozaj tam nebol probl\u00e9m, a na\u0161e zmluvn\u00e9 z\u00e1v\u00e4zky sa skon\u010dili.<br \/>\nTakmer v\u0161etku pr\u00e1cu ste urobili dobre, majstri boli skvel\u00ed, o tom niet poch\u00fdb.<br \/>\nV\u0161etko to bude tak\u00e1 fasa \ud83d\ude42<\/p>\n<\/div>\n<\/div>\n<\/div>\n<div class=\"col-md-6 col-lg-6 ftco-animate\">\n<div class=\"project\">\n<div class=\"img\"><img decoding=\"async\" class=\"img-fluid\" src=\"http:\/\/www.eko-kuca.com\/wp-content\/uploads\/2022\/06\/zeljko.jpg\" alt=\" \" \/><\/div>\n<div class=\"text\">\n<h4 class=\"price mb-2\" style=\"text-transform: uppercase;\">Nemecko<\/h4>\n<h3 class=\"mt-2\">Sandra i Zelko Dragutinovic, R\u00f6merberg (Mannheim)<\/h3>\n<p class=\"tekstkom\">V\u00fdstavba obchodnej budovy s obytn\u00fdm podla\u017e\u00edm EKO KU\u0106A \u00faspe\u0161ne splnila o\u010dak\u00e1vania a potreby nieko\u013ek\u00fdmi sp\u00f4sobmi.<br \/>\nPrv\u00fd dojem a informa\u010dn\u00e9 rozhovory s p\u00e1nom Jovanovi\u010dom a jeho synom n\u00e1s presved\u010dili o na\u0161om rozhodnut\u00ed. Rozhodovali sme sa na jednej strane na z\u00e1klade faktov a na druhej strane sme po\u010d\u00favali svoje pocity.<br \/>\nCel\u00fd proces od pl\u00e1novania a\u017e po stavbu prebehol bez jedin\u00e9ho probl\u00e9mu. Nebolo ni\u010d, \u010do by sa nedalo vyrie\u0161i\u0165.<br \/>\nPracovn\u00edci odviedli svoju pr\u00e1cu profesion\u00e1lne, ve\u013emi \u00fah\u013eadne a v stanovenom \u010dase.<br \/>\nZ poh\u013eadu na\u0161ich stavebn\u00fdch projektov nie je \u010do vytkn\u00fa\u0165. \u010eakujem za skvel\u00fa pr\u00e1cu.<br \/>\nTe\u0161\u00edme sa na \u010fal\u0161i stavebn\u00fd projekt s EKO Ku\u0107ou.<\/p>\n<\/div>\n<\/div>\n<\/div>\n<div class=\"col-md-6 col-lg-6 ftco-animate\">\n<div class=\"project\">\n<div class=\"img\"><img decoding=\"async\" class=\"img-fluid\" src=\"http:\/\/www.eko-kuca.com\/wp-content\/uploads\/2022\/06\/pasterk.jpg\" alt=\" \" \/><\/div>\n<div class=\"text\">\n<h4 class=\"price mb-2\" style=\"text-transform: uppercase;\">Rak\u00fasko<\/h4>\n<h3 class=\"mt-2\">Pasterk dietmar, Miklauzhof pri Klagenfurte<\/h3>\n<p class=\"tekstkom\">V roku 2011 sme sa rozhodli, \u017ee si n\u00e1\u0161 rodinn\u00fd dom nech\u00e1me postavi\u0165 firmou EKO KUCA zo Srbska.<br \/>\nMus\u00edme sa prizna\u0165, \u017ee v tom \u010dase sme mali ist\u00fa rezervu, kv\u00f4li chybn\u00e9mu posudku pri jednan\u00ed s firmami zo Srbska. Hne\u010f na za\u010diatku sme v\u0161ak rozpt\u00fdlili v\u0161etky pochybnosti, preto\u017ee sme sa presved\u010dili, \u017ee ide o kvalitn\u00e9 materi\u00e1ly, odborn\u00fdch pracovn\u00edkov a profesion\u00e1lnych mana\u017e\u00e9rov. Tak to bolo a\u017e do definit\u00edvneho ukon\u010denia zazmluvnen\u00fdch pr\u00e1c.<br \/>\nU\u017e 12 rokov si u\u017e\u00edvame n\u00e1\u0161 dom\u010dek<br \/>\nBez v\u00fdhrad m\u00f4\u017eeme ka\u017ed\u00e9mu odporu\u010di\u0165 spolupr\u00e1cu so spolo\u010dnos\u0165ou EKO KUCA.<\/p>\n<\/div>\n<\/div>\n<\/div>\n<\/div>\n<\/div>\n<\/div>\n<p><!--end austrija--><\/p>\n<div class=\"row justify-content-center pb-3\">\n<div class=\"col-md-12 text-center heading-section ftco-animate fadeInUp ftco-animated\">\n<h2 class=\"mb-4\">Srbsko, \u010cierna Hora, Slovensko<\/h2>\n<\/div>\n<\/div>\n<div class=\"row px-4\">\n<div class=\"col-lg-12 pr-lg-4\">\n<div class=\"row\">\n<div class=\"col-md-6 col-lg-6 ftco-animate\">\n<div class=\"project\">\n<div class=\"img\">\n<p><img decoding=\"async\" class=\"img-fluid\" src=\"http:\/\/www.eko-kuca.com\/wp-content\/uploads\/2022\/06\/Beograd-11.jpg\" alt=\" \" \/><\/p>\n<\/div>\n<div class=\"text\">\n<h4 class=\"price mb-2\">SRBSKO<\/h4>\n<h3 class=\"mt-2\">Lazarevi\u0107 Radivoje z Bari\u010du pri Belehrade<\/h3>\n<p class=\"tekstkom\">Pre\u0161lo 12 rokov a teraz tvrd\u00edm, ale aj vtedy som to vedel, \u017ee som sa spr\u00e1vne rozhodol postavi\u0165 montovan\u00fd dom tak\u00fd, ak\u00fd som ja chcel.<br \/>\nDlho som rozm\u00fd\u0161\u013eal, sledoval r\u00f4znych dod\u00e1vate\u013eov a vybral som si Eko Ku\u0107a Ivanjica [Eko Dom Ivanjica]. Dohodli sa na projekte, na variantoch a r\u00f4znych zmen\u00e1ch, pracovali na etapy (a tak sa aj platilo) a v\u0161etko sa stihlo v stanovenom term\u00edne.<br \/>\nVe\u013emi som spokojn\u00fd a ka\u017ed\u00e9 odpor\u00fa\u010danie.<\/p>\n<\/div>\n<\/div>\n<\/div>\n<div class=\"col-md-6 col-lg-6 ftco-animate\">\n<div class=\"project\">\n<div class=\"img\"><img decoding=\"async\" class=\"img-fluid\" src=\"http:\/\/www.eko-kuca.com\/wp-content\/uploads\/2022\/06\/fruska-gora-2.jpg\" alt=\" \" \/><\/div>\n<div class=\"text\">\n<h4 class=\"price mb-2\">SRBSKO<\/h4>\n<h3 class=\"mt-2\">Senic Pavle z Vrdniku na Fruskej Hore<\/h3>\n<p class=\"tekstkom\">Spolupr\u00e1ca s firmou Eko Ku\u0107a Ivanjica [Eko Dom Ivanjica] sa za\u010dala v roku 2017, ke\u010f sme sa dohodli na v\u00fdstavbe montovan\u00e9ho poschodov\u00e9ho objektu, ktor\u00fd je dnes vyu\u017e\u00edvan\u00fd ako ubytovacia kapacita Vily Seni\u0107 z Vrdniku. D\u0148a 1.05.2022. bolo 4 roky od otvorenia n\u00e1\u0161ho zariadenia, ktor\u00e9 st\u00e1le p\u00f4sob\u00ed moderne a kvalitne. Dohodnut\u00e9 term\u00edny a kvalita spracovania boli dodr\u017ean\u00e9 v maxim\u00e1lnej miere k obojstrannej spokojnosti. Ak by sme op\u00e4\u0165 potrebovali nov\u00e9 pr\u00e1ce, Eko Ku\u0107a je firma, ktorej by sme znovu d\u00f4verovali vo v\u00fdkone pr\u00e1c.<\/p>\n<\/div>\n<\/div>\n<\/div>\n<div class=\"col-md-6 col-lg-6 ftco-animate\">\n<div class=\"project\">\n<div class=\"img\"><img decoding=\"async\" class=\"img-fluid\" src=\"http:\/\/www.eko-kuca.com\/wp-content\/uploads\/2022\/06\/novi-sad-2.jpg\" alt=\" \" \/><\/div>\n<div class=\"text\">\n<h4 class=\"price mb-2\">SRBSKO<\/h4>\n<h3 class=\"mt-2\">Sremcev Milos z Nov\u00e9ho Sadu<\/h3>\n<p class=\"tekstkom\">Spolupr\u00e1ca s firmou Eko Ku\u0107a bola v\u00fdborn\u00e1 a v\u00fdsledkom bol dom v ktorom s rados\u0165ou b\u00fdvame.<br \/>\nProces stavby domu je zlo\u017eit\u00fd, ale vzh\u013eadom na komunik\u00e1ciu, ktor\u00fa sme mali s hlavn\u00fdm in\u017einierom a robotn\u00edkmi, to bola ve\u013emi pozit\u00edvna sk\u00fasenos\u0165.<br \/>\nBol by som r\u00e1d, keby sme op\u00e4\u0165 spolupracovali a budovali. \ud83d\ude42<\/p>\n<\/div>\n<\/div>\n<\/div>\n<div class=\"col-md-6 col-lg-6 ftco-animate\">\n<div class=\"project\">\n<div class=\"img\">\n<p><img decoding=\"async\" class=\"img-fluid\" src=\"http:\/\/www.eko-kuca.com\/wp-content\/uploads\/2022\/06\/crna-gora-5.jpg\" alt=\" \" \/><\/p>\n<\/div>\n<div class=\"text\">\n<h4 class=\"price mb-2\">\u010cIERNA HORA<\/h4>\n<h3 class=\"mt-2\">Kordo,d.o.o. Gornji Morinj pri Tiavte<br \/>\nRiadite\u013eka, Olga Kononchuk<\/h3>\n<p class=\"tekstkom\">Roku 2013 sme sa rozhodli postavi\u0165 montovan\u00e9 zariadenia apartm\u00e1nov\u00e9ho typu s 22 apartm\u00e1nmi v Gornjom Morinji ne\u010faleko Tivatu. Z viacer\u00fdch v\u00fdrobcov sa na\u0161e vedenie rozhodlo pre firmu Eko Ku\u0107a z Ivanjice ako najv\u00fdhodnej\u0161ieho uch\u00e1dza\u010da. Samozrejme, predt\u00fdm sme overili sk\u00fasenosti ich predch\u00e1dzaj\u00facich z\u00e1kazn\u00edkov. Dostali sme bez v\u00fdnimky tie najpriaznivej\u0161ie odpor\u00fa\u010dania. Pri rokovaniach, v\u00fdstavbe a dokon\u010dovan\u00ed zazmluvnen\u00fdch pr\u00e1c sme sa presved\u010dili, \u017ee sme si spr\u00e1vne vybrali, komu zveri\u0165 pr\u00e1cu. Zariadenia s\u00fa po takmer 10 rokoch vo v\u00fdbornom stave. \u010eal\u0161ie invest\u00edcie, ktor\u00e9 pl\u00e1nujeme, bud\u00fa ur\u010dite zveren\u00e9 spolo\u010dnosti Eko Ku\u0107a.<\/p>\n<\/div>\n<\/div>\n<\/div>\n<div class=\"col-md-6 col-lg-6 ftco-animate\">\n<div class=\"project\">\n<div class=\"img\"><img decoding=\"async\" class=\"img-fluid\" src=\"http:\/\/www.eko-kuca.com\/wp-content\/uploads\/2022\/06\/crna-gora-3.jpg\" alt=\" \" \/><\/div>\n<div class=\"text\">\n<h4 class=\"price mb-2\">\u010cIERNA HORA<\/h4>\n<h3 class=\"mt-2\">Mandi\u0107 Mitar z Prijevora pri Budve<\/h3>\n<p class=\"tekstkom\">Na z\u00e1klade odpor\u00fa\u010dania majite\u013eov montovan\u00fdch domov, pre ktor\u00e9 Eko Ku\u0107a stavala domy, sme sa dohodli, \u017ee postav\u00edme dom so spom\u00ednanou firmou pre moju rodinu. Sme ve\u013emi spokojn\u00ed v prvom rade s profesionalitou technick\u00e9ho person\u00e1lu, odbornos\u0165ou pracovn\u00edkov a kvalitou in\u0161talovan\u00e9ho materi\u00e1lu. Dostali sme kvalitn\u00fd rodinn\u00fd dom v ktorom je moja rodina od roku 2015 bez akejko\u013evek s\u0165a\u017enost\u00ed na odveden\u00fa pr\u00e1cu.<\/p>\n<\/div>\n<\/div>\n<\/div>\n<div class=\"col-md-6 col-lg-6 ftco-animate\">\n<div class=\"project\">\n<div class=\"img\"><img decoding=\"async\" class=\"img-fluid\" src=\"http:\/\/www.eko-kuca.com\/wp-content\/uploads\/2022\/06\/cacak-1.jpg\" alt=\" \" \/><\/div>\n<div class=\"text\">\n<h4 class=\"price mb-2\" style=\"text-transform: uppercase;\">Srbsko<\/h4>\n<h3 class=\"mt-2\">Dr Dobrila a Rade Be\u0107irevi\u0107 z \u010ca\u010dku.<\/h3>\n<p class=\"tekstkom\">Pred 11 rokmi sme sa rozhodli postavi\u0165 rodinn\u00fd montovan\u00fd dom. Z viacer\u00fdch firiem sme si vybrali firmu Eko Ku\u0107a [Eko Dom] z Ivanjice.<br \/>\nS ich pr\u00edstupom k pr\u00e1ci sme maxim\u00e1lne spokojn\u00ed. Od rokovan\u00ed a\u017e po fin\u00e1lnu realiz\u00e1ciu. Teraz si u\u017e\u00edvame domov v kr\u00e1snom prostred\u00ed v okol\u00ed \u010ca\u010dku. Sme si ist\u00ed, \u017ee sme vybrali spr\u00e1vnu spolo\u010dnos\u0165, ktor\u00fa m\u00f4\u017eeme odporu\u010di\u0165 ka\u017ed\u00e9mu.<\/p>\n<\/div>\n<\/div>\n<\/div>\n<div class=\"col-md-6 col-lg-6 ftco-animate\">\n<div class=\"project\">\n<div class=\"img\"><img decoding=\"async\" class=\"img-fluid\" src=\"http:\/\/www.eko-kuca.com\/wp-content\/uploads\/2022\/06\/trijic.jpg\" alt=\" \" \/><\/div>\n<div class=\"text\">\n<h4 class=\"price mb-2\" style=\"text-transform: uppercase;\">Srbsko<\/h4>\n<h3 class=\"mt-2\">Triji\u0107 Branka a Branko, Bari\u010d pri Belehrade<\/h3>\n<p class=\"tekstkom\">D\u00f4vod, pre\u010do sme sa rozhodli pre Eko Kucu, bol spo\u010diatku ban\u00e1lny, a to bola ich r\u00fdchla reakcia a slu\u0161n\u00e9 jednanie. Ukazalo sa, \u017ee sme v\u0161ak mali pri v\u00fdbere pravdu. Ich t\u00edm je skuto\u010dne zapracovan\u00ed vo v\u0161etk\u00fdch segmentoch a s\u00fa flexibiln\u00ed, pokia\u013e ide o dohodu oh\u013eadom modelu domu, ako aj mnoh\u00fdch in\u00fdch vec\u00ed. Dom je fantasticky zateplen\u00fd &#8211; m\u00e1me elektrick\u00fd kotol, ale ho nepou\u017e\u00edvame, preto\u017ee cel\u00fd dom od 80 m2 vykurujeme be\u017enou pieckou na drevo. Priemerne na zimu spotrebujeme \u0161tyri metre kubick\u00e9 a v lete klimatiz\u00e1ciu nepou\u017e\u00edvame. Vysoko odpor\u00fa\u010dan\u00e9.<\/p>\n<\/div>\n<\/div>\n<\/div>\n<p><!--\n\n\n<div class=\"col-md-6 col-lg-6 ftco-animate\">\n\n\n<div class=\"project\">\n\n\n<div class=\"img\">\n\t\t\t\t    \t\t\t\t<img decoding=\"async\" src=\"http:\/\/www.eko-kuca.com\/wp-content\/uploads\/2022\/06\/slovacka-2.jpg\" class=\"img-fluid\" alt=\" \"><\/div>\n\n\n\n\n<div class=\"text\">\n\n\n<h4 class=\"price mb-2\">SLOVA\u010cKA<\/h4>\n\n\n\n\n<h3 class=\"mt-2\">Csilla Szalayova i Aleksandar Milinkovic iz Kvetoslavova kod Bratislave<\/h3>\n\n\n\n\n<p class=\"tekstkom\">10 godina je pro\u0161lo kako zadovljni \u017eivimo u udobnoj ku\u0107i koju je napravila firma Eko Ku\u0107a. Za njih imamo samo re\u010di pohvale. Profesionalna, kreativna i odgovorna firma na \u010delu sa stru\u010dnim kolektivom.Topla preporuka!<\/p>\n\n\n\n<\/div>\n\n\n<\/div>\n\n\n<\/div>\n\n\n--><\/p>\n<\/div>\n<\/div>\n<p><!-- end --><\/p>\n<\/div>\n<\/div>\n<\/div>\n<p><!--row and col--><\/p>\n<\/section>\n","protected":false},"excerpt":{"rendered":"<p>Slovinsko a Chorvatsko CHORVATSKO Daniela A Harrald, Ra\u017eanac Bili smo na gradbi\u0161\u010du, izgleda zelo dobro in zelo nam je v\u0161e\u010d. Z va\u0161im delom smo navdu\u0161eni. Velika zahvala vodstvu podjetja Eko Ku\u0107a in obrtnikom. Eco House bomo zelo priporo\u010dili. Najlep\u0161a hvala. SLOVINSKO Bojan a Bojana Hat z Lenartu Na\u0161e sk\u00fasenosti zo spolupr\u00e1ce so spolo\u010dnos\u0165ou EKO KU\u0106A [&hellip;]<\/p>\n","protected":false},"author":1,"featured_media":0,"parent":0,"menu_order":0,"comment_status":"closed","ping_status":"closed","template":"","meta":[],"_links":{"self":[{"href":"https:\/\/www.eko-kuca.com\/sk\/wp-json\/wp\/v2\/pages\/1298"}],"collection":[{"href":"https:\/\/www.eko-kuca.com\/sk\/wp-json\/wp\/v2\/pages"}],"about":[{"href":"https:\/\/www.eko-kuca.com\/sk\/wp-json\/wp\/v2\/types\/page"}],"author":[{"embeddable":true,"href":"https:\/\/www.eko-kuca.com\/sk\/wp-json\/wp\/v2\/users\/1"}],"replies":[{"embeddable":true,"href":"https:\/\/www.eko-kuca.com\/sk\/wp-json\/wp\/v2\/comments?post=1298"}],"version-history":[{"count":9,"href":"https:\/\/www.eko-kuca.com\/sk\/wp-json\/wp\/v2\/pages\/1298\/revisions"}],"predecessor-version":[{"id":1517,"href":"https:\/\/www.eko-kuca.com\/sk\/wp-json\/wp\/v2\/pages\/1298\/revisions\/1517"}],"wp:attachment":[{"href":"https:\/\/www.eko-kuca.com\/sk\/wp-json\/wp\/v2\/media?parent=1298"}],"curies":[{"name":"wp","href":"https:\/\/api.w.org\/{rel}","templated":true}]}}